{"id":65,"date":"2024-05-07T19:55:25","date_gmt":"2024-05-07T19:55:25","guid":{"rendered":"http:\/\/demo.psicoweb.co\/corazonconsciente\/?page_id=65"},"modified":"2024-08-05T17:21:54","modified_gmt":"2024-08-05T16:21:54","slug":"sobre-mi","status":"publish","type":"page","link":"https:\/\/demo.psicoweb.co\/corazonconsciente\/sobre-mi\/","title":{"rendered":"Sobre m\u00ed"},"content":{"rendered":"<section class=\"bde-section-65-129 bde-section\">\n  \n  \n\t\n\n\n\n<div class=\"section-container\"><div class=\"bde-image-65-130 bde-image\">\n<figure class=\"breakdance-image breakdance-image--357\">\n\t<div class=\"breakdance-image-container\">\n\t\t<div class=\"breakdance-image-clip\"><img decoding=\"async\" class=\"breakdance-image-object\" src=\"https:\/\/etdkhip6jqn.exactdn.com\/corazonconsciente\/wp-content\/uploads\/2024\/05\/woman-working-home-laptop-2023-11-27-05-19-12-utc.webp?strip=all&lossy=1&ssl=1\" width=\"1200\" height=\"800\" srcset=\"https:\/\/etdkhip6jqn.exactdn.com\/corazonconsciente\/wp-content\/uploads\/2024\/05\/woman-working-home-laptop-2023-11-27-05-19-12-utc.webp?strip=all&lossy=1&ssl=1 1200w, https:\/\/demo.psicoweb.co\/corazonconsciente\/wp-content\/uploads\/2024\/05\/woman-working-home-laptop-2023-11-27-05-19-12-utc-300x200.webp 300w, https:\/\/demo.psicoweb.co\/corazonconsciente\/wp-content\/uploads\/2024\/05\/woman-working-home-laptop-2023-11-27-05-19-12-utc-1024x683.webp 1024w, https:\/\/demo.psicoweb.co\/corazonconsciente\/wp-content\/uploads\/2024\/05\/woman-working-home-laptop-2023-11-27-05-19-12-utc-768x512.webp 768w\" sizes=\"(max-width: 1200px) 100vw, 1200px\"><\/div>\n\t<\/div><\/figure>\n\n<\/div><div class=\"bde-div-65-131 bde-div\">\n  \n  \n\t\n\n\n\n<span class=\"bde-text-65-132 bde-text\">\nPsic\u00f3loga Sof\u00eda Garc\u00eda\n<\/span><h1 class=\"bde-heading-65-133 bde-heading\">\nMi historia y mi enfoque\n<\/h1><p class=\"bde-text-65-134 bde-text\">\nSoy Sof\u00eda Garc\u00eda, psic\u00f3loga con una pasi\u00f3n por ayudar a las personas a encontrar su equilibrio interior. Me form\u00e9 en la Universidad de Granada y tengo experiencia en terapia cognitivo-conductual y mindfulness.\n<\/p><div class=\"bde-div-65-135 bde-div\">\n  \n  \n\t\n\n\n\n<div class=\"bde-button-65-136 bde-button\">\n    \n                                    \n    \n    \n    \n    \n            \n                    \n            \n                           \n                       \n                 \n\n    \n    \n    \n                    \n    \n    <a class=\"breakdance-link button-atom button-atom--primary bde-button__button\" href=\"#\" target=\"_self\" data-type=\"action\"  data-action='{\"type\":\"popup\",\"popupOptions\":{\"popupId\":\"73\",\"popupAction\":\"open\"}}' >\n\n    \n        <span class=\"button-atom__text\">Programa una consulta<\/span>\n\n        \n        \n                <\/a>\n\n    \n\n\n<\/div>\n<\/div>\n<\/div><\/div>\n<\/section><section class=\"bde-section-65-100 bde-section\">\n              \n  \n  \n\t\n\n  <div class=\"section-background-overlay\"><\/div>\n\n\n<div class=\"section-container\"><div class=\"bde-grid-65-101 bde-grid\">\n  \n  \n\t\n\n\n\n<div class=\"bde-image-65-102 bde-image\">\n<figure class=\"breakdance-image breakdance-image--325\">\n\t<div class=\"breakdance-image-container\">\n\t\t<div class=\"breakdance-image-clip\"><img decoding=\"async\" class=\"breakdance-image-object\" src=\"https:\/\/etdkhip6jqn.exactdn.com\/corazonconsciente\/wp-content\/uploads\/2024\/05\/a-woman-stands-in-leaves-2023-11-27-05-15-17-utc.webp?strip=all&lossy=1&ssl=1\" width=\"1200\" height=\"760\" srcset=\"https:\/\/etdkhip6jqn.exactdn.com\/corazonconsciente\/wp-content\/uploads\/2024\/05\/a-woman-stands-in-leaves-2023-11-27-05-15-17-utc.webp?strip=all&lossy=1&ssl=1 1200w, https:\/\/demo.psicoweb.co\/corazonconsciente\/wp-content\/uploads\/2024\/05\/a-woman-stands-in-leaves-2023-11-27-05-15-17-utc-300x190.webp 300w, https:\/\/demo.psicoweb.co\/corazonconsciente\/wp-content\/uploads\/2024\/05\/a-woman-stands-in-leaves-2023-11-27-05-15-17-utc-1024x649.webp 1024w, https:\/\/demo.psicoweb.co\/corazonconsciente\/wp-content\/uploads\/2024\/05\/a-woman-stands-in-leaves-2023-11-27-05-15-17-utc-768x486.webp 768w\" sizes=\"(max-width: 1200px) 100vw, 1200px\"><\/div>\n\t<\/div><\/figure>\n\n<\/div><div class=\"bde-div-65-103 bde-div\">\n  \n  \n\t\n\n\n\n<span class=\"bde-text-65-104 bde-text\">\nMi historia\n<\/span><h2 class=\"bde-heading-65-105 bde-heading\">\nTe cuento alguna cosita de m\u00ed\n<\/h2><p class=\"bde-text-65-106 bde-text\">\n\u00a1Hola! Soy Sof\u00eda Garc\u00eda, una psic\u00f3loga con sede en Granada, Espa\u00f1a, especializada en terapia emocional, focusing, mindfulness y meditaci\u00f3n. Con una s\u00f3lida formaci\u00f3n en psicolog\u00eda cl\u00ednica y m\u00e1s de 10 a\u00f1os de experiencia, me apasiona ayudar a las personas a encontrar su equilibrio emocional y a desarrollar una relaci\u00f3n m\u00e1s amorosa consigo mismas.\n<\/p>\n<\/div><div class=\"bde-div-65-107 bde-div\">\n  \n  \n\t\n\n\n\n<p class=\"bde-text-65-108 bde-text\">\nMe gradu\u00e9 en Psicolog\u00eda en la Universidad de Granada y obtuve un M\u00e1ster en Terapia Cognitivo-Conductual en la Universidad de Valencia. Adem\u00e1s, me he formado en Mindfulness y Meditaci\u00f3n en el Centro de Mindfulness de Madrid, y estoy certificada en Terapia de Focusing por el Instituto de Focusing de Espa\u00f1a.<br><br>Si est\u00e1s luchando con tus emociones, el estr\u00e9s o la ansiedad, quiero que sepas que no est\u00e1s solo. Estoy aqu\u00ed para apoyarte en tu viaje hacia el bienestar emocional y la felicidad. Juntos, podemos trabajar para superar los obst\u00e1culos y encontrar la paz interior que mereces.\n<\/p><div class=\"bde-button-65-109 bde-button\">\n    \n                                    \n    \n    \n    \n    \n            \n                    \n            \n                           \n                       \n                 \n\n    \n    \n    \n                    \n    \n    <a class=\"breakdance-link button-atom button-atom--primary bde-button__button\" href=\"#\" target=\"_self\" data-type=\"action\"  data-action='{\"type\":\"popup\",\"popupOptions\":{\"popupId\":\"73\",\"popupAction\":\"open\"}}' >\n\n    \n        <span class=\"button-atom__text\">Reserva una Consulta<\/span>\n\n        \n        \n                <\/a>\n\n    \n\n\n<\/div>\n<\/div><div class=\"bde-image-65-110 bde-image\">\n<figure class=\"breakdance-image breakdance-image--347\">\n\t<div class=\"breakdance-image-container\">\n\t\t<div class=\"breakdance-image-clip\"><img decoding=\"async\" class=\"breakdance-image-object\" src=\"https:\/\/etdkhip6jqn.exactdn.com\/corazonconsciente\/wp-content\/uploads\/2024\/05\/woman-resting-in-the-office-leaned-back-on-a-chair-2023-11-27-04-49-21-utc.webp?strip=all&lossy=1&ssl=1\" width=\"1200\" height=\"800\" srcset=\"https:\/\/etdkhip6jqn.exactdn.com\/corazonconsciente\/wp-content\/uploads\/2024\/05\/woman-resting-in-the-office-leaned-back-on-a-chair-2023-11-27-04-49-21-utc.webp?strip=all&lossy=1&ssl=1 1200w, https:\/\/demo.psicoweb.co\/corazonconsciente\/wp-content\/uploads\/2024\/05\/woman-resting-in-the-office-leaned-back-on-a-chair-2023-11-27-04-49-21-utc-300x200.webp 300w, https:\/\/demo.psicoweb.co\/corazonconsciente\/wp-content\/uploads\/2024\/05\/woman-resting-in-the-office-leaned-back-on-a-chair-2023-11-27-04-49-21-utc-1024x683.webp 1024w, https:\/\/demo.psicoweb.co\/corazonconsciente\/wp-content\/uploads\/2024\/05\/woman-resting-in-the-office-leaned-back-on-a-chair-2023-11-27-04-49-21-utc-768x512.webp 768w\" sizes=\"(max-width: 1200px) 100vw, 1200px\"><\/div>\n\t<\/div><\/figure>\n\n<\/div>\n<\/div><div class=\"bde-fancy-divider-65-111 bde-fancy-divider\">\n\n\n<div class=\"bde-fancy-divider__wrapper\">\n  <div class=\"bde-fancy-divider__separator has-content  \">\n  \t    \t    \t    \t\t\t    \t\t<div class=\"bde-fancy-divider__content bde-fancy-divider__content--icon\"><svg xmlns=\"http:\/\/www.w3.org\/2000\/svg\" viewBox=\"0 0 512 512\"><!-- Font Awesome Free 5.15.1 by @fontawesome - https:\/\/fontawesome.com License - https:\/\/fontawesome.com\/license\/free (Icons: CC BY 4.0, Fonts: SIL OFL 1.1, Code: MIT License) --><path d=\"M458.4 64.3C400.6 15.7 311.3 23 256 79.3 200.7 23 111.4 15.6 53.6 64.3-21.6 127.6-10.6 230.8 43 285.5l175.4 178.7c10 10.2 23.4 15.9 37.6 15.9 14.3 0 27.6-5.6 37.6-15.8L469 285.6c53.5-54.7 64.7-157.9-10.6-221.3zm-23.6 187.5L259.4 430.5c-2.4 2.4-4.4 2.4-6.8 0L77.2 251.8c-36.5-37.2-43.9-107.6 7.3-150.7 38.9-32.7 98.9-27.8 136.5 10.5l35 35.7 35-35.7c37.8-38.5 97.8-43.2 136.5-10.6 51.1 43.1 43.5 113.9 7.3 150.8z\"\/><\/svg><\/div>\n    \t                  <\/div>\n<\/div>\n\n<\/div><\/div>\n<\/section><section class=\"bde-section-65-112 bde-section\">\n              \n  \n  \n\t\n\n  <div class=\"section-background-overlay\"><\/div>\n\n\n<div class=\"section-container\"><div class=\"bde-grid-65-113 bde-grid\">\n  \n  \n\t\n\n\n\n<div class=\"bde-image-65-114 bde-image\">\n<figure class=\"breakdance-image breakdance-image--321\">\n\t<div class=\"breakdance-image-container\">\n\t\t<div class=\"breakdance-image-clip\"><img decoding=\"async\" class=\"breakdance-image-object\" src=\"https:\/\/etdkhip6jqn.exactdn.com\/corazonconsciente\/wp-content\/uploads\/2024\/05\/a-psychologist-meets-with-a-client-in-the-office-2023-11-27-05-14-07-utc.webp?strip=all&lossy=1&ssl=1\" width=\"1200\" height=\"800\" srcset=\"https:\/\/etdkhip6jqn.exactdn.com\/corazonconsciente\/wp-content\/uploads\/2024\/05\/a-psychologist-meets-with-a-client-in-the-office-2023-11-27-05-14-07-utc.webp?strip=all&lossy=1&ssl=1 1200w, https:\/\/demo.psicoweb.co\/corazonconsciente\/wp-content\/uploads\/2024\/05\/a-psychologist-meets-with-a-client-in-the-office-2023-11-27-05-14-07-utc-300x200.webp 300w, https:\/\/demo.psicoweb.co\/corazonconsciente\/wp-content\/uploads\/2024\/05\/a-psychologist-meets-with-a-client-in-the-office-2023-11-27-05-14-07-utc-1024x683.webp 1024w, https:\/\/demo.psicoweb.co\/corazonconsciente\/wp-content\/uploads\/2024\/05\/a-psychologist-meets-with-a-client-in-the-office-2023-11-27-05-14-07-utc-768x512.webp 768w\" sizes=\"(max-width: 1200px) 100vw, 1200px\"><\/div>\n\t<\/div><\/figure>\n\n<\/div><div class=\"bde-div-65-115 bde-div\">\n  \n  \n\t\n\n\n\n<span class=\"bde-text-65-116 bde-text\">\nMi Enfoque\n<\/span><h2 class=\"bde-heading-65-117 bde-heading\">\nTe cuento algo de c\u00f3mo trabajo\n<\/h2><p class=\"bde-text-65-118 bde-text\">\nMi enfoque terap\u00e9utico se centra en la conexi\u00f3n con uno mismo y el crecimiento personal, utilizando herramientas como el focusing, el mindfulness y la meditaci\u00f3n para ayudar a mis clientes a explorar sus preocupaciones y encontrar el camino hacia la sanaci\u00f3n y el bienestar emocional. A trav\u00e9s de consultas online, ofrezco un espacio seguro y de apoyo para que mis clientes exploren sus emociones y encuentren la paz interior.\n<\/p>\n<\/div><div class=\"bde-div-65-119 bde-div\">\n  \n  \n\t\n\n\n\n<p class=\"bde-text-65-120 bde-text\">\nEstoy comprometida a proporcionar un enfoque hol\u00edstico y personalizado para cada individuo, y estoy emocionada de poder acompa\u00f1arte en tu viaje hacia una vida m\u00e1s plena y satisfactoria.<br><br>Te ofrezco servicios de psicolog\u00eda y terapia emocional centrados en el bienestar emocional, el crecimiento personal y la sanaci\u00f3n interior. <br>Mis servicios incluyen:\n<\/p><div class=\"bde-checkmark-list-65-121 bde-checkmark-list\">\n<ul>\n  \n              \n              \n    <li>\n      <span class='bde-checkmark-list__icon bde-checkmark-list__icon_yes '>\n                  <svg xmlns=\"http:\/\/www.w3.org\/2000\/svg\" viewBox=\"0 0 512 512\"><!--!Font Awesome Free 6.5.1 by @fontawesome - https:\/\/fontawesome.com License - https:\/\/fontawesome.com\/license\/free Copyright 2024 Fonticons, Inc.--><path d=\"M256 48a208 208 0 1 1 0 416 208 208 0 1 1 0-416zm0 464A256 256 0 1 0 256 0a256 256 0 1 0 0 512zM369 209c9.4-9.4 9.4-24.6 0-33.9s-24.6-9.4-33.9 0l-111 111-47-47c-9.4-9.4-24.6-9.4-33.9 0s-9.4 24.6 0 33.9l64 64c9.4 9.4 24.6 9.4 33.9 0L369 209z\"\/><\/svg>\n              <\/span>\n      <div >\n        Terapia <strong>individual<\/strong>.\n      <\/div>\n\n    <\/li>\n\n  \n              \n              \n    <li>\n      <span class='bde-checkmark-list__icon bde-checkmark-list__icon_yes '>\n                  <svg xmlns=\"http:\/\/www.w3.org\/2000\/svg\" viewBox=\"0 0 512 512\"><!--!Font Awesome Free 6.5.1 by @fontawesome - https:\/\/fontawesome.com License - https:\/\/fontawesome.com\/license\/free Copyright 2024 Fonticons, Inc.--><path d=\"M256 48a208 208 0 1 1 0 416 208 208 0 1 1 0-416zm0 464A256 256 0 1 0 256 0a256 256 0 1 0 0 512zM369 209c9.4-9.4 9.4-24.6 0-33.9s-24.6-9.4-33.9 0l-111 111-47-47c-9.4-9.4-24.6-9.4-33.9 0s-9.4 24.6 0 33.9l64 64c9.4 9.4 24.6 9.4 33.9 0L369 209z\"\/><\/svg>\n              <\/span>\n      <div >\n        Sesiones de <strong>Focusing<\/strong>.\n      <\/div>\n\n    <\/li>\n\n  \n              \n              \n    <li>\n      <span class='bde-checkmark-list__icon bde-checkmark-list__icon_yes '>\n                  <svg xmlns=\"http:\/\/www.w3.org\/2000\/svg\" viewBox=\"0 0 512 512\"><!--!Font Awesome Free 6.5.1 by @fontawesome - https:\/\/fontawesome.com License - https:\/\/fontawesome.com\/license\/free Copyright 2024 Fonticons, Inc.--><path d=\"M256 48a208 208 0 1 1 0 416 208 208 0 1 1 0-416zm0 464A256 256 0 1 0 256 0a256 256 0 1 0 0 512zM369 209c9.4-9.4 9.4-24.6 0-33.9s-24.6-9.4-33.9 0l-111 111-47-47c-9.4-9.4-24.6-9.4-33.9 0s-9.4 24.6 0 33.9l64 64c9.4 9.4 24.6 9.4 33.9 0L369 209z\"\/><\/svg>\n              <\/span>\n      <div >\n        Entrenamiento en <strong>Mindfulness y Meditaci\u00f3n.<\/strong>\n      <\/div>\n\n    <\/li>\n\n  \n              \n              \n    <li>\n      <span class='bde-checkmark-list__icon bde-checkmark-list__icon_yes '>\n                  <svg xmlns=\"http:\/\/www.w3.org\/2000\/svg\" viewBox=\"0 0 512 512\"><!--!Font Awesome Free 6.5.1 by @fontawesome - https:\/\/fontawesome.com License - https:\/\/fontawesome.com\/license\/free Copyright 2024 Fonticons, Inc.--><path d=\"M256 48a208 208 0 1 1 0 416 208 208 0 1 1 0-416zm0 464A256 256 0 1 0 256 0a256 256 0 1 0 0 512zM369 209c9.4-9.4 9.4-24.6 0-33.9s-24.6-9.4-33.9 0l-111 111-47-47c-9.4-9.4-24.6-9.4-33.9 0s-9.4 24.6 0 33.9l64 64c9.4 9.4 24.6 9.4 33.9 0L369 209z\"\/><\/svg>\n              <\/span>\n      <div >\n        Consultas online para brindarte<strong> apoyo emocional <\/strong>.\n      <\/div>\n\n    <\/li>\n\n  <\/ul>\n\n<\/div><div class=\"bde-button-65-122 bde-button\">\n    \n                                    \n    \n    \n    \n    \n            \n                    \n            \n            \n\n    \n    \n    \n    \n    \n    <a class=\"breakdance-link button-atom button-atom--primary bde-button__button\" href=\"https:\/\/demo.psicoweb.co\/corazonconsciente\/servicios\/\" target=\"_self\" data-type=\"url\"  >\n\n    \n        <span class=\"button-atom__text\">Mira mis servicios<\/span>\n\n        \n        \n                <\/a>\n\n    \n\n\n<\/div>\n<\/div><div class=\"bde-image-65-123 bde-image\">\n<figure class=\"breakdance-image breakdance-image--335\">\n\t<div class=\"breakdance-image-container\">\n\t\t<div class=\"breakdance-image-clip\"><img decoding=\"async\" class=\"breakdance-image-object\" src=\"https:\/\/etdkhip6jqn.exactdn.com\/corazonconsciente\/wp-content\/uploads\/2024\/05\/a-woman-works-in-a-modern-office-2023-11-27-05-23-11-utc.webp?strip=all&lossy=1&ssl=1\" width=\"1200\" height=\"800\" srcset=\"https:\/\/etdkhip6jqn.exactdn.com\/corazonconsciente\/wp-content\/uploads\/2024\/05\/a-woman-works-in-a-modern-office-2023-11-27-05-23-11-utc.webp?strip=all&lossy=1&ssl=1 1200w, https:\/\/demo.psicoweb.co\/corazonconsciente\/wp-content\/uploads\/2024\/05\/a-woman-works-in-a-modern-office-2023-11-27-05-23-11-utc-300x200.webp 300w, https:\/\/demo.psicoweb.co\/corazonconsciente\/wp-content\/uploads\/2024\/05\/a-woman-works-in-a-modern-office-2023-11-27-05-23-11-utc-1024x683.webp 1024w, https:\/\/demo.psicoweb.co\/corazonconsciente\/wp-content\/uploads\/2024\/05\/a-woman-works-in-a-modern-office-2023-11-27-05-23-11-utc-768x512.webp 768w\" sizes=\"(max-width: 1200px) 100vw, 1200px\"><\/div>\n\t<\/div><\/figure>\n\n<\/div>\n<\/div><\/div>\n<\/section>","protected":false},"excerpt":{"rendered":"<p>Psic\u00f3loga Sof\u00eda Garc\u00eda Mi historia y mi enfoque Soy Sof\u00eda Garc\u00eda, psic\u00f3loga con una pasi\u00f3n por ayudar a las personas a encontrar su equilibrio interior. Me form\u00e9 en la Universidad de Granada y tengo experiencia en terapia cognitivo-conductual y mindfulness. Programa una consulta Mi historia Te cuento alguna cosita de m\u00ed \u00a1Hola! Soy Sof\u00eda Garc\u00eda, [&hellip;]<\/p>\n","protected":false},"author":3,"featured_media":0,"parent":0,"menu_order":0,"comment_status":"closed","ping_status":"closed","template":"","meta":{"_breakdance_hide_in_design_set":false,"_breakdance_tags":"","footnotes":""},"class_list":["post-65","page","type-page","status-publish","hentry"],"_links":{"self":[{"href":"https:\/\/demo.psicoweb.co\/corazonconsciente\/wp-json\/wp\/v2\/pages\/65","targetHints":{"allow":["GET"]}}],"collection":[{"href":"https:\/\/demo.psicoweb.co\/corazonconsciente\/wp-json\/wp\/v2\/pages"}],"about":[{"href":"https:\/\/demo.psicoweb.co\/corazonconsciente\/wp-json\/wp\/v2\/types\/page"}],"author":[{"embeddable":true,"href":"https:\/\/demo.psicoweb.co\/corazonconsciente\/wp-json\/wp\/v2\/users\/3"}],"replies":[{"embeddable":true,"href":"https:\/\/demo.psicoweb.co\/corazonconsciente\/wp-json\/wp\/v2\/comments?post=65"}],"version-history":[{"count":0,"href":"https:\/\/demo.psicoweb.co\/corazonconsciente\/wp-json\/wp\/v2\/pages\/65\/revisions"}],"wp:attachment":[{"href":"https:\/\/demo.psicoweb.co\/corazonconsciente\/wp-json\/wp\/v2\/media?parent=65"}],"curies":[{"name":"wp","href":"https:\/\/api.w.org\/{rel}","templated":true}]}}