

{"id":441,"date":"2022-11-08T11:13:34","date_gmt":"2022-11-08T11:13:34","guid":{"rendered":"https:\/\/demo.psicoweb.co\/creandohumanidad\/?page_id=441"},"modified":"2022-11-08T17:33:47","modified_gmt":"2022-11-08T17:33:47","slug":"psicoterapia-individual","status":"publish","type":"page","link":"https:\/\/demo.psicoweb.co\/creandohumanidad\/psicoterapia-individual\/","title":{"rendered":"Psicoterapia individual"},"content":{"rendered":"<section id=\"particles-js\" class=\"bde-section-441-101 bde-section\">\n              \n  \n\t\n\n  <div class=\"section-background-overlay\"><\/div>\n\n\n<div class=\"section-container\"><div class=\"bde-code-block-441-102 bde-code-block\">\n\n  <style>\n.particles-js-canvas-el {\nwidth: 100%;\nheight: 100%;\nposition: absolute;\nz-index: 0;\ntop: 0;\n}\n<\/style>\n \n<script src=\"https:\/\/cdn.jsdelivr.net\/particles.js\/2.0.0\/particles.min.js\"><\/script>\n \n<script>\nparticlesJS(\"particles-js\", {\"particles\":{\"number\":{\"value\":80,\"density\":{\"enable\":true,\"value_area\":800}},\"color\":{\"value\":\"#ffffff\"},\"shape\":{\"type\":\"circle\",\"stroke\":{\"width\":0,\"color\":\"#000000\"},\"polygon\":{\"nb_sides\":5},\"image\":{\"src\":\"img\/github.svg\",\"width\":100,\"height\":100}},\"opacity\":{\"value\":0.5,\"random\":false,\"anim\":{\"enable\":false,\"speed\":1,\"opacity_min\":0.1,\"sync\":false}},\"size\":{\"value\":3,\"random\":true,\"anim\":{\"enable\":false,\"speed\":40,\"size_min\":0.1,\"sync\":false}},\"line_linked\":{\"enable\":true,\"distance\":150,\"color\":\"#ffffff\",\"opacity\":0.4,\"width\":1},\"move\":{\"enable\":true,\"speed\":6,\"direction\":\"none\",\"random\":false,\"straight\":false,\"out_mode\":\"out\",\"bounce\":false,\"attract\":{\"enable\":false,\"rotateX\":600,\"rotateY\":1200}}},\"interactivity\":{\"detect_on\":\"canvas\",\"events\":{\"onhover\":{\"enable\":true,\"mode\":\"repulse\"},\"onclick\":{\"enable\":true,\"mode\":\"push\"},\"resize\":true},\"modes\":{\"grab\":{\"distance\":400,\"line_linked\":{\"opacity\":1}},\"bubble\":{\"distance\":400,\"size\":40,\"duration\":2,\"opacity\":8,\"speed\":3},\"repulse\":{\"distance\":200,\"duration\":0.4},\"push\":{\"particles_nb\":4},\"remove\":{\"particles_nb\":2}}},\"retina_detect\":true});var count_particles, stats, update; stats = new Stats; stats.setMode(0); stats.domElement.style.position = 'absolute'; stats.domElement.style.left = '0px'; stats.domElement.style.top = '0px'; document.body.appendChild(stats.domElement); count_particles = document.querySelector('.js-count-particles'); update = function() { stats.begin(); stats.end(); if (window.pJSDom[0].pJS.particles && window.pJSDom[0].pJS.particles.array) { count_particles.innerText = window.pJSDom[0].pJS.particles.array.length; } requestAnimationFrame(update); }; requestAnimationFrame(update);;\n<\/script>\n\n\n<\/div><div class=\"bde-div-441-103 bde-div\">\n  \n\t\n\n\n\n<div class=\"bde-div-441-104 bde-div\" data-entrance=\"slideUp\">\n  \n\t\n\n\n\n<h1 class=\"bde-heading-441-105 bde-heading\" data-entrance=\"fade\">\nPsicoterapia<br>Individual\n<\/h1>\n<\/div><div class=\"bde-div-441-106 bde-div\">\n  \n\t\n\n\n\n<div class=\"bde-button-441-107 bde-button\" data-entrance=\"fade\">\n    \n                                    \n    \n    \n    \n    \n            \n                    \n            \n            \n\n    \n    \n    \n    \n    \n    <a class=\"breakdance-link button-atom button-atom--custom bde-button__button\" href=\"#Section-1-psicoterapia-individual\" target=\"_self\" data-type=\"url\"  >\n\n    \n        <span class=\"button-atom__text\">Ver<\/span>\n\n                            \n        \n                <\/a>\n\n    \n\n\n<\/div>\n<\/div>\n<\/div><\/div>\n<\/section><section id=\"Section-1-psicoterapia-individual\" class=\"bde-section-441-108 bde-section\">\n  \n\t\n\n\n\n<div class=\"section-container\"><div class=\"bde-columns-441-109 bde-columns\"><div class=\"bde-column-441-110 bde-column\">\n  \n\t\n\n\n\n<div class=\"bde-image-441-111 bde-image\">\n<figure class=\"breakdance-image breakdance-image--533\">\n\t<div class=\"breakdance-image-container\">\n\t\t<div class=\"breakdance-image-clip\"><img decoding=\"async\" class=\"breakdance-image-object\" src=\"https:\/\/demo.psicoweb.co\/creandohumanidad\/wp-content\/uploads\/2022\/11\/pexels-monica-turlui-8218377-768x1152.jpg\" width=\"768\" height=\"1152\" srcset=\"https:\/\/demo.psicoweb.co\/creandohumanidad\/wp-content\/uploads\/2022\/11\/pexels-monica-turlui-8218377-scaled.jpg 1707w, https:\/\/demo.psicoweb.co\/creandohumanidad\/wp-content\/uploads\/2022\/11\/pexels-monica-turlui-8218377-200x300.jpg 200w, https:\/\/demo.psicoweb.co\/creandohumanidad\/wp-content\/uploads\/2022\/11\/pexels-monica-turlui-8218377-683x1024.jpg 683w, https:\/\/demo.psicoweb.co\/creandohumanidad\/wp-content\/uploads\/2022\/11\/pexels-monica-turlui-8218377-768x1152.jpg 768w, https:\/\/demo.psicoweb.co\/creandohumanidad\/wp-content\/uploads\/2022\/11\/pexels-monica-turlui-8218377-1024x1536.jpg 1024w, https:\/\/demo.psicoweb.co\/creandohumanidad\/wp-content\/uploads\/2022\/11\/pexels-monica-turlui-8218377-1365x2048.jpg 1365w\" sizes=\"(max-width: 1707px) 100vw, 1707px\"><\/div>\n\t<\/div><\/figure>\n\n<\/div>\n<\/div><div class=\"bde-column-441-112 bde-column\">\n  \n\t\n\n\n\n<div class=\"bde-text-441-113 bde-text\">\nConsulta\n<\/div><h2 class=\"bde-heading-441-114 bde-heading\">\nPsicoterapia Individual\n<\/h2><div class=\"bde-text-441-115 bde-text\">\nAntiguamente Mente-Cuerpo y Esp\u00edritu no se conceb\u00edan divididos y se ten\u00eda en consideraci\u00f3n todos los aspectos del Ser. Fue a ra\u00edz de Descartes que separ\u00f3 la mente y el cuerpo sin tener en consideraci\u00f3n el esp\u00edritu.<br><br>As\u00ed empezaron a tratar el cuerpo de forma independiente de las dem\u00e1s dimensiones, separ\u00e1ndonos de nosotros mismos, y alien\u00e1ndonos como seres humanos divisibles en partes.<br><br>Posteriormente los trastornos mentales los han tratado como si fueran una enfermedad fisiol\u00f3gica, se\u00f1alando su causa como un mal funcionamiento neuro-psicol\u00f3gico, esto le ven\u00eda bien a la medicina alop\u00e1tica y a las farmac\u00e9uticas. Es verdad que algunos trastornos neurol\u00f3gicos o psicol\u00f3gicos se deben a causas iatrog\u00e9nicas, o por estar en contacto con algunos t\u00f3xicos, pero la gran mayor\u00eda de los trastornos, se deben a experiencias de vida traum\u00e1ticas o a trastornos del apego.<br><br>He aqu\u00ed la cuesti\u00f3n, la mayor\u00eda de los psic\u00f3logos en Espa\u00f1a no est\u00e1n formados en Trauma, y dificulta mucho la recuperaci\u00f3n de los pacientes, ya que la psicolog\u00eda cognitivo-conductual no ha resultado efectiva para curar a las personas de sus trastornos y, en muchas ocasiones, los han cronificado o empeorado, caus\u00e1ndoles, adem\u00e1s, un estigma social.<br><br>Los pacientes se merecen un buen tratamiento efectivo para sus malestares psicol\u00f3gicos y mejorar su calidad de vida, incluso revertir su situaci\u00f3n vital y recuperar el poder en su vida, mediante t\u00e9cnicas neuro-reprocesadoras que han demostrado ser efectivas. Adem\u00e1s, eso beneficiar\u00e1 a una sociedad que de por s\u00ed est\u00e1 bastante alienada y enferma, y m\u00e1s, en estos momentos que vivimos.\n<\/div><div class=\"bde-text-441-116 bde-text\">\nSin m\u00e1s, te invito a contactar conmigo si crees que necesitas mejorar la calidad de tu vida y de tus relaciones.<br><br>Un abrazo.<br>\n<\/div><div class=\"bde-button-441-117 bde-button\">\n    \n                                    \n    \n    \n    \n    \n            \n                    \n            \n            \n\n    \n    \n    \n    \n    \n    <a class=\"breakdance-link button-atom button-atom--secondary bde-button__button\" href=\"https:\/\/demo.psicoweb.co\/creandohumanidad\/contacto\/\" target=\"_self\" data-type=\"url\"  >\n\n    \n        <span class=\"button-atom__text\">Cont\u00e1ctame<\/span>\n\n        \n        \n                <\/a>\n\n    \n\n\n<\/div>\n<\/div><\/div><\/div>\n<\/section>","protected":false},"excerpt":{"rendered":"<p>PsicoterapiaIndividual Ver Consulta Psicoterapia Individual Antiguamente Mente-Cuerpo y Esp\u00edritu no se conceb\u00edan divididos y se ten\u00eda en consideraci\u00f3n todos los aspectos del Ser. Fue a ra\u00edz de Descartes que separ\u00f3 la mente y el cuerpo sin tener en consideraci\u00f3n el esp\u00edritu.As\u00ed empezaron a tratar el cuerpo de forma independiente de las dem\u00e1s dimensiones, separ\u00e1ndonos de [&hellip;]<\/p>\n","protected":false},"author":2,"featured_media":0,"parent":0,"menu_order":0,"comment_status":"closed","ping_status":"closed","template":"","meta":{"_breakdance_hide_in_design_set":false,"_breakdance_tags":"","footnotes":""},"_links":{"self":[{"href":"https:\/\/demo.psicoweb.co\/creandohumanidad\/wp-json\/wp\/v2\/pages\/441"}],"collection":[{"href":"https:\/\/demo.psicoweb.co\/creandohumanidad\/wp-json\/wp\/v2\/pages"}],"about":[{"href":"https:\/\/demo.psicoweb.co\/creandohumanidad\/wp-json\/wp\/v2\/types\/page"}],"author":[{"embeddable":true,"href":"https:\/\/demo.psicoweb.co\/creandohumanidad\/wp-json\/wp\/v2\/users\/2"}],"replies":[{"embeddable":true,"href":"https:\/\/demo.psicoweb.co\/creandohumanidad\/wp-json\/wp\/v2\/comments?post=441"}],"version-history":[{"count":0,"href":"https:\/\/demo.psicoweb.co\/creandohumanidad\/wp-json\/wp\/v2\/pages\/441\/revisions"}],"wp:attachment":[{"href":"https:\/\/demo.psicoweb.co\/creandohumanidad\/wp-json\/wp\/v2\/media?parent=441"}],"curies":[{"name":"wp","href":"https:\/\/api.w.org\/{rel}","templated":true}]}}